{"id":26,"date":"2015-12-01T22:18:55","date_gmt":"2015-12-01T21:18:55","guid":{"rendered":"http:\/\/mh.jamul.koeln\/?page_id=26"},"modified":"2024-06-25T17:58:25","modified_gmt":"2024-06-25T16:58:25","slug":"sprechzeiten-und-termine","status":"publish","type":"page","link":"https:\/\/hausarzt-heuser.de\/koeln\/sprechzeiten-und-termine\/","title":{"rendered":"Sprechzeiten und Termine"},"content":{"rendered":"<p><span style=\"color: #739abc;\"><strong>Patienteninformation und Terminvergabe<\/strong><\/span><\/p>\n<p><span style=\"color: #97233f;\">Aus Gr\u00fcnden des Infektionsschutzes und um allen Patienten lange Wartezeiten zu ersparen, erfolgt die Vergabe der Termine nach telefonischer Vereinbarung.<br \/>\n<\/span><\/p>\n<table style=\"height: 468px;\" border=\"1\" width=\"466\" cellspacing=\"0\" cellpadding=\"4\">\n<colgroup>\n<col width=\"93\" \/>\n<col width=\"163\" \/> <\/colgroup>\n<tbody>\n<tr valign=\"TOP\">\n<td width=\"37%\"><span style=\"color: #97233f; font-family: Arial, sans-serif;\"><b>Montag<\/b><\/span><\/td>\n<td width=\"63%\"><span style=\"color: #97233f; font-family: Arial, sans-serif;\">08:00 Uhr bis 13:00 Uhr<\/span><\/td>\n<\/tr>\n<tr valign=\"TOP\">\n<td width=\"37%\"><span style=\"color: #97233f; font-family: Arial, sans-serif;\"><b>Dienstag<\/b><\/span><\/td>\n<td width=\"63%\"><span style=\"color: #97233f; font-family: Arial, sans-serif;\">08:00 Uhr bis 12:00 Uhr<\/span><br \/>\n<span style=\"color: #97233f; font-family: Arial, sans-serif;\"> 15:00 Uhr bis 18:00 Uhr<\/span><\/td>\n<\/tr>\n<tr valign=\"TOP\">\n<td width=\"37%\"><span style=\"color: #97233f; font-family: Arial, sans-serif;\"><b>Mittwoch<\/b><\/span><\/td>\n<td width=\"63%\"><span style=\"color: #97233f; font-family: Arial, sans-serif;\">08:00 Uhr bis 12:00 Uhr<\/span><\/td>\n<\/tr>\n<tr valign=\"TOP\">\n<td width=\"37%\"><span style=\"color: #97233f; font-family: Arial, sans-serif;\"><b>Donnerstag<\/b><\/span><\/td>\n<td width=\"63%\"><span style=\"color: #97233f; font-family: Arial, sans-serif;\">08:00 Uhr bis 12:00 Uhr<\/span><br \/>\n<span style=\"color: #97233f; font-family: Arial, sans-serif;\"> 15:00 Uhr bis 18:00 Uhr<\/span><\/td>\n<\/tr>\n<tr valign=\"TOP\">\n<td width=\"37%\"><span style=\"color: #97233f; font-family: Arial, sans-serif;\"><b>Freitag<\/b><\/span><\/td>\n<td width=\"63%\"><span style=\"color: #97233f; font-family: Arial, sans-serif;\">08:00 Uhr bis 12:00 Uhr<\/span><\/td>\n<\/tr>\n<\/tbody>\n<\/table>\n<p><span style=\"color: #97233f;\">und nach Vereinbarung<\/span><br \/>\n<span style=\"color: #97233f;\"> Privat und alle Kassen<\/span><\/p>\n<p><span style=\"color: #97233f;\"><strong>Au\u00dferhalb dieser Zeiten<\/strong> hilft Ihnen der \u00c4rztliche Notdienst:<br \/>\n116-117 (ohne Vorwahl, bundesweit)<\/span><\/p>\n<p><span style=\"color: #97233f;\"><strong>Notdienst vor Ort:<\/strong>\u00a0<\/span><span style=\"color: #97233f;\">Notdienst Bezirk West\u00a0an der\u00a0Uniklinik\u00a0K\u00f6ln Geb\u00e4ude 43 der Orthop\u00e4die und Unfallchirurgie, 2. Obergeschoss, Joseph-Stelzmann-Str. 24, 50931 K\u00f6ln, Tel.: 0221 42088910.<\/span><\/p>\n<p><span style=\"color: #97233f;\">Mo, Di, Do\u00a0\u00a0\u00a0\u00a0\u00a0\u00a0\u00a0\u00a0\u00a0\u00a0\u00a0\u00a0\u00a0\u00a0\u00a0\u00a0\u00a0 19 &#8211; 24 Uhr<br \/>\nMi, Fr \u00a0 \u00a0 \u00a0 \u00a0 \u00a0 \u00a0 \u00a0 \u00a0 \u00a0 \u00a0 \u00a0 \u00a0 \u00a013\u00a0&#8211; 24 Uhr<br \/>\n<\/span><span style=\"color: #97233f;\">Sa, So, Feiertage \u00a0 \u00a0 \u00a0 09 &#8211; 24 Uhr<\/span><\/p>\n<p><span style=\"color: #97233f;\"><strong>Apothekennotdienst<br \/>\n<\/strong><\/span><span style=\"color: #97233f;\">z.B. <a href=\"https:\/\/www.aponet.de\/service\/notdienstapotheke-finden\/suchergebnis\/0\/50939.html\">aponet.de<\/a> oder<a href=\"http:\/\/www.dasoertliche.de\/?choose=true&amp;page=0&amp;context=0&amp;action=43&amp;topKw=0&amp;form_name=search_nat&amp;zvo_ok=0&amp;kw=Notapotheken&amp;ci=50939\">\u00a0dasoertliche.de<\/a> (Notapotheken)<\/span><\/p>\n<h3><span style=\"color: #97233f;\"><strong>Milos Heuser<\/strong><\/span><br \/>\n<span style=\"color: #739abc;\">Facharzt f\u00fcr Allgemeinmedizin<\/span><br \/>\n<span style=\"color: #97233f;\">Hardtstr. 40<\/span><\/h3>\n<p><span style=\"color: #97233f;\">50939 K\u00f6ln<\/span><br \/>\n<span style=\"color: #97233f;\">Telefon: 0221 \/\u00a041 50 62<\/span><br \/>\n<span style=\"color: #97233f;\">Telefax: 0221 \/\u00a044 85 73<\/span><\/p>\n","protected":false},"excerpt":{"rendered":"<p>Patienteninformation und Terminvergabe Aus Gr\u00fcnden des Infektionsschutzes und um allen Patienten lange Wartezeiten zu ersparen, erfolgt die Vergabe der Termine nach telefonischer Vereinbarung. Montag 08:00 Uhr bis 13:00 Uhr Dienstag 08:00 Uhr bis 12:00 Uhr 15:00 Uhr bis 18:00 Uhr Mittwoch 08:00 Uhr bis 12:00 Uhr Donnerstag 08:00 Uhr bis 12:00 Uhr 15:00 Uhr bis &hellip; <a href=\"https:\/\/hausarzt-heuser.de\/koeln\/sprechzeiten-und-termine\/\" class=\"more-link\"><span class=\"screen-reader-text\">Sprechzeiten und Termine<\/span> weiterlesen<\/a><\/p>\n","protected":false},"author":1,"featured_media":0,"parent":0,"menu_order":29,"comment_status":"closed","ping_status":"closed","template":"","meta":{"two_page_speed":[],"footnotes":""},"class_list":["post-26","page","type-page","status-publish","hentry"],"_links":{"self":[{"href":"https:\/\/hausarzt-heuser.de\/koeln\/wp-json\/wp\/v2\/pages\/26","targetHints":{"allow":["GET"]}}],"collection":[{"href":"https:\/\/hausarzt-heuser.de\/koeln\/wp-json\/wp\/v2\/pages"}],"about":[{"href":"https:\/\/hausarzt-heuser.de\/koeln\/wp-json\/wp\/v2\/types\/page"}],"author":[{"embeddable":true,"href":"https:\/\/hausarzt-heuser.de\/koeln\/wp-json\/wp\/v2\/users\/1"}],"replies":[{"embeddable":true,"href":"https:\/\/hausarzt-heuser.de\/koeln\/wp-json\/wp\/v2\/comments?post=26"}],"version-history":[{"count":16,"href":"https:\/\/hausarzt-heuser.de\/koeln\/wp-json\/wp\/v2\/pages\/26\/revisions"}],"predecessor-version":[{"id":475,"href":"https:\/\/hausarzt-heuser.de\/koeln\/wp-json\/wp\/v2\/pages\/26\/revisions\/475"}],"wp:attachment":[{"href":"https:\/\/hausarzt-heuser.de\/koeln\/wp-json\/wp\/v2\/media?parent=26"}],"curies":[{"name":"wp","href":"https:\/\/api.w.org\/{rel}","templated":true}]}}